{"id":211,"date":"2025-08-15T10:08:41","date_gmt":"2025-08-15T14:08:41","guid":{"rendered":"https:\/\/gestionimmobilius.com\/fr\/?post_type=project&#038;p=211"},"modified":"2026-03-17T11:18:19","modified_gmt":"2026-03-17T15:18:19","slug":"5725-aline-brossard","status":"publish","type":"project","link":"https:\/\/gestionimmobilius.com\/fr\/project\/5725-aline-brossard\/","title":{"rendered":"5725 Aline, Brossard"},"content":{"rendered":"<p>[et_pb_section fb_built=\u00a0\u00bb1&Prime; _builder_version=\u00a0\u00bb4.27.4&Prime; _module_preset=\u00a0\u00bbdefault\u00a0\u00bb global_colors_info=\u00a0\u00bb{}\u00a0\u00bb][et_pb_row _builder_version=\u00a0\u00bb4.27.4&Prime; _module_preset=\u00a0\u00bbdefault\u00a0\u00bb global_colors_info=\u00a0\u00bb{}\u00a0\u00bb][et_pb_column type=\u00a0\u00bb4_4&Prime; _builder_version=\u00a0\u00bb4.27.4&Prime; _module_preset=\u00a0\u00bbdefault\u00a0\u00bb global_colors_info=\u00a0\u00bb{}\u00a0\u00bb][et_pb_gallery gallery_ids=\u00a0\u00bb934&Prime; fullwidth=\u00a0\u00bbon\u00a0\u00bb _builder_version=\u00a0\u00bb4.27.5&Prime; _module_preset=\u00a0\u00bbdefault\u00a0\u00bb title_text_color=\u00a0\u00bb#000000&Prime; pagination_font=\u00a0\u00bb||||||||\u00a0\u00bb pagination_text_color=\u00a0\u00bb#7CDA24&Prime; auto=\u00a0\u00bbon\u00a0\u00bb enable_grid_motion=\u00a0\u00bbon\u00a0\u00bb box_shadow_style=\u00a0\u00bbpreset1&Prime; box_shadow_color=\u00a0\u00bb#000000&Prime; global_colors_info=\u00a0\u00bb{}\u00a0\u00bb][\/et_pb_gallery][\/et_pb_column][\/et_pb_row][et_pb_row column_structure=\u00a0\u00bb1_2,1_2&Prime; _builder_version=\u00a0\u00bb4.27.4&Prime; _module_preset=\u00a0\u00bbdefault\u00a0\u00bb global_colors_info=\u00a0\u00bb{}\u00a0\u00bb][et_pb_column type=\u00a0\u00bb1_2&Prime; _builder_version=\u00a0\u00bb4.27.4&Prime; _module_preset=\u00a0\u00bbdefault\u00a0\u00bb global_colors_info=\u00a0\u00bb{}\u00a0\u00bb][et_pb_text _builder_version=\u00a0\u00bb4.27.4&Prime; _module_preset=\u00a0\u00bbdefault\u00a0\u00bb global_colors_info=\u00a0\u00bb{}\u00a0\u00bb]<\/p>\n<h3><strong>5725 ALINE| BROSSARD<\/strong><\/h3>\n<p>[\/et_pb_text][\/et_pb_column][et_pb_column type=\u00a0\u00bb1_2&Prime; _builder_version=\u00a0\u00bb4.27.4&Prime; _module_preset=\u00a0\u00bbdefault\u00a0\u00bb global_colors_info=\u00a0\u00bb{}\u00a0\u00bb][et_pb_text _builder_version=\u00a0\u00bb4.27.5&Prime; _module_preset=\u00a0\u00bbdefault\u00a0\u00bb global_colors_info=\u00a0\u00bb{}\u00a0\u00bb]<\/p>\n<h3 style=\"text-align: right;\"><strong>955 000.00 $ +taxes<\/strong><\/h3>\n<p>[\/et_pb_text][\/et_pb_column][\/et_pb_row][et_pb_row _builder_version=\u00a0\u00bb4.27.4&Prime; _module_preset=\u00a0\u00bbdefault\u00a0\u00bb global_colors_info=\u00a0\u00bb{}\u00a0\u00bb][et_pb_column type=\u00a0\u00bb4_4&Prime; _builder_version=\u00a0\u00bb4.27.4&Prime; _module_preset=\u00a0\u00bbdefault\u00a0\u00bb global_colors_info=\u00a0\u00bb{}\u00a0\u00bb][et_pb_divider color=\u00a0\u00bb#000000&Prime; _builder_version=\u00a0\u00bb4.27.4&Prime; _module_preset=\u00a0\u00bbdefault\u00a0\u00bb custom_margin=\u00a0\u00bb-41px|||||\u00a0\u00bb global_colors_info=\u00a0\u00bb{}\u00a0\u00bb][\/et_pb_divider][\/et_pb_column][\/et_pb_row][et_pb_row column_structure=\u00a0\u00bb1_3,1_3,1_3&Prime; _builder_version=\u00a0\u00bb4.27.4&Prime; _module_preset=\u00a0\u00bbdefault\u00a0\u00bb custom_padding=\u00a0\u00bb||5px|||\u00a0\u00bb global_colors_info=\u00a0\u00bb{}\u00a0\u00bb][et_pb_column type=\u00a0\u00bb1_3&Prime; _builder_version=\u00a0\u00bb4.27.4&Prime; _module_preset=\u00a0\u00bbdefault\u00a0\u00bb global_colors_info=\u00a0\u00bb{}\u00a0\u00bb][et_pb_text _builder_version=\u00a0\u00bb4.27.4&Prime; _module_preset=\u00a0\u00bbdefault\u00a0\u00bb global_colors_info=\u00a0\u00bb{}\u00a0\u00bb]<\/p>\n<ul>\n<li>1 832 pi\u00b2 ( Habitable )<\/li>\n<li>834 pi\u00b2 ( Sous-sol )<\/li>\n<li>292 pi\u00b2 ( Garage simple )<\/li>\n<\/ul>\n<p>[\/et_pb_text][\/et_pb_column][et_pb_column type=\u00a0\u00bb1_3&Prime; _builder_version=\u00a0\u00bb4.27.4&Prime; _module_preset=\u00a0\u00bbdefault\u00a0\u00bb global_colors_info=\u00a0\u00bb{}\u00a0\u00bb][et_pb_text _builder_version=\u00a0\u00bb4.27.4&Prime; _module_preset=\u00a0\u00bbdefault\u00a0\u00bb global_colors_info=\u00a0\u00bb{}\u00a0\u00bb]<\/p>\n<ul>\n<li>6 Chambres<\/li>\n<li>3.5 Salle de bain<\/li>\n<li>Salle de lavage<\/li>\n<li>Sous-sol enti\u00e8rement am\u00e9nag\u00e9 avec salle de bain<\/li>\n<li>Thermopompe centrale<\/li>\n<\/ul>\n<p>[\/et_pb_text][\/et_pb_column][et_pb_column type=\u00a0\u00bb1_3&Prime; _builder_version=\u00a0\u00bb4.27.4&Prime; _module_preset=\u00a0\u00bbdefault\u00a0\u00bb global_colors_info=\u00a0\u00bb{}\u00a0\u00bb][et_pb_text _builder_version=\u00a0\u00bb4.27.4&Prime; _module_preset=\u00a0\u00bbdefault\u00a0\u00bb global_colors_info=\u00a0\u00bb{}\u00a0\u00bb]<\/p>\n<h2>Plans \u00e0 t\u00e9l\u00e9charger :<\/h2>\n<p>[\/et_pb_text][et_pb_text _builder_version=\u00a0\u00bb4.27.6&Prime; _dynamic_attributes=\u00a0\u00bblink_option_url\u00a0\u00bb _module_preset=\u00a0\u00bbdefault\u00a0\u00bb text_font=\u00a0\u00bb|700|||||||\u00a0\u00bb text_text_color=\u00a0\u00bbgcid-ca765d72-3f3d-4c92-a594-2b1310e5fea4&Prime; text_font_size=\u00a0\u00bb21px\u00a0\u00bb link_option_url=\u00a0\u00bb@ET-DC@eyJkeW5hbWljIjp0cnVlLCJjb250ZW50IjoicG9zdF9saW5rX3VybF9hdHRhY2htZW50Iiwic2V0dGluZ3MiOnsicG9zdF9pZCI6Ijk1MCJ9fQ==@\u00a0\u00bb hover_enabled=\u00a0\u00bb0&Prime; global_colors_info=\u00a0\u00bb{%22gcid-ca765d72-3f3d-4c92-a594-2b1310e5fea4%22:%91%22text_text_color%22%93}\u00a0\u00bb sticky_enabled=\u00a0\u00bb0&Prime;]<\/p>\n<ul>\n<li>Plans des planchers<\/li>\n<\/ul>\n<p>&nbsp;<\/p>\n<p>[\/et_pb_text][\/et_pb_column][\/et_pb_row][et_pb_row column_structure=\u00a0\u00bb3_5,2_5&Prime; _builder_version=\u00a0\u00bb4.27.4&Prime; _module_preset=\u00a0\u00bbdefault\u00a0\u00bb global_colors_info=\u00a0\u00bb{}\u00a0\u00bb][et_pb_column type=\u00a0\u00bb3_5&Prime; _builder_version=\u00a0\u00bb4.27.4&Prime; _module_preset=\u00a0\u00bbdefault\u00a0\u00bb global_colors_info=\u00a0\u00bb{}\u00a0\u00bb][et_pb_text _builder_version=\u00a0\u00bb4.27.4&Prime; _module_preset=\u00a0\u00bbdefault\u00a0\u00bb global_colors_info=\u00a0\u00bb{}\u00a0\u00bb]<\/p>\n<h3>Contactez-nous au<strong> <a href=\"phoneto:5142921424\">514 292-1424<\/a><\/strong><\/h3>\n<h3>Steve Paquette<\/h3>\n<p>[\/et_pb_text][\/et_pb_column][et_pb_column type=\u00a0\u00bb2_5&Prime; _builder_version=\u00a0\u00bb4.27.4&Prime; _module_preset=\u00a0\u00bbdefault\u00a0\u00bb global_colors_info=\u00a0\u00bb{}\u00a0\u00bb][\/et_pb_column][\/et_pb_row][\/et_pb_section]<\/p>\n","protected":false},"excerpt":{"rendered":"<p>5725 ALINE| BROSSARD955 000.00 $ +taxes 1 832 pi\u00b2 ( Habitable ) 834 pi\u00b2 ( Sous-sol ) 292 pi\u00b2 ( Garage simple ) 6 Chambres 3.5 Salle de bain Salle de lavage Sous-sol enti\u00e8rement am\u00e9nag\u00e9 avec salle de bain Thermopompe centrale Plans \u00e0 t\u00e9l\u00e9charger : Plans des planchers &nbsp;Contactez-nous au 514 292-1424 Steve Paquette<\/p>\n","protected":false},"author":1,"featured_media":19,"comment_status":"open","ping_status":"closed","template":"","meta":{"_et_pb_use_builder":"on","_et_pb_old_content":"","_et_gb_content_width":"","footnotes":""},"project_category":[10],"project_tag":[],"class_list":["post-211","project","type-project","status-publish","has-post-thumbnail","hentry","project_category-a-vendre"],"yoast_head":"<!-- This site is optimized with the Yoast SEO plugin v27.5 - https:\/\/yoast.com\/product\/yoast-seo-wordpress\/ -->\n<title>5725 Aline, Brossard - Gestion Immobilius<\/title>\n<meta name=\"robots\" content=\"index, follow, max-snippet:-1, max-image-preview:large, max-video-preview:-1\" \/>\n<link rel=\"canonical\" href=\"https:\/\/gestionimmobilius.com\/fr\/project\/5725-aline-brossard\/\" \/>\n<meta property=\"og:locale\" content=\"fr_FR\" \/>\n<meta property=\"og:type\" content=\"article\" \/>\n<meta property=\"og:title\" content=\"5725 Aline, Brossard - Gestion Immobilius\" \/>\n<meta property=\"og:description\" content=\"5725 ALINE| BROSSARD955 000.00 $ +taxes 1 832 pi\u00b2 ( Habitable ) 834 pi\u00b2 ( Sous-sol ) 292 pi\u00b2 ( Garage simple ) 6 Chambres 3.5 Salle de bain Salle de lavage Sous-sol enti\u00e8rement am\u00e9nag\u00e9 avec salle de bain Thermopompe centrale Plans \u00e0 t\u00e9l\u00e9charger : Plans des planchers &nbsp;Contactez-nous au 514 292-1424 Steve Paquette\" \/>\n<meta property=\"og:url\" content=\"https:\/\/gestionimmobilius.com\/fr\/project\/5725-aline-brossard\/\" \/>\n<meta property=\"og:site_name\" content=\"Gestion Immobilius\" \/>\n<meta property=\"article:modified_time\" content=\"2026-03-17T15:18:19+00:00\" \/>\n<meta property=\"og:image\" content=\"https:\/\/gestionimmobilius.com\/fr\/wp-content\/uploads\/2025\/07\/logo-gestionimmobilius-entete.jpg\" \/>\n\t<meta property=\"og:image:width\" content=\"548\" \/>\n\t<meta property=\"og:image:height\" content=\"332\" \/>\n\t<meta property=\"og:image:type\" content=\"image\/jpeg\" \/>\n<meta name=\"twitter:card\" content=\"summary_large_image\" \/>\n<meta name=\"twitter:label1\" content=\"Dur\u00e9e de lecture estim\u00e9e\" \/>\n\t<meta name=\"twitter:data1\" content=\"1 minute\" \/>\n<script type=\"application\/ld+json\" class=\"yoast-schema-graph\">{\"@context\":\"https:\\\/\\\/schema.org\",\"@graph\":[{\"@type\":\"WebPage\",\"@id\":\"https:\\\/\\\/gestionimmobilius.com\\\/fr\\\/project\\\/5725-aline-brossard\\\/\",\"url\":\"https:\\\/\\\/gestionimmobilius.com\\\/fr\\\/project\\\/5725-aline-brossard\\\/\",\"name\":\"5725 Aline, Brossard - Gestion Immobilius\",\"isPartOf\":{\"@id\":\"https:\\\/\\\/gestionimmobilius.com\\\/fr\\\/#website\"},\"primaryImageOfPage\":{\"@id\":\"https:\\\/\\\/gestionimmobilius.com\\\/fr\\\/project\\\/5725-aline-brossard\\\/#primaryimage\"},\"image\":{\"@id\":\"https:\\\/\\\/gestionimmobilius.com\\\/fr\\\/project\\\/5725-aline-brossard\\\/#primaryimage\"},\"thumbnailUrl\":\"https:\\\/\\\/gestionimmobilius.com\\\/fr\\\/wp-content\\\/uploads\\\/2025\\\/07\\\/logo-gestionimmobilius-entete.jpg\",\"datePublished\":\"2025-08-15T14:08:41+00:00\",\"dateModified\":\"2026-03-17T15:18:19+00:00\",\"breadcrumb\":{\"@id\":\"https:\\\/\\\/gestionimmobilius.com\\\/fr\\\/project\\\/5725-aline-brossard\\\/#breadcrumb\"},\"inLanguage\":\"fr-FR\",\"potentialAction\":[{\"@type\":\"ReadAction\",\"target\":[\"https:\\\/\\\/gestionimmobilius.com\\\/fr\\\/project\\\/5725-aline-brossard\\\/\"]}]},{\"@type\":\"ImageObject\",\"inLanguage\":\"fr-FR\",\"@id\":\"https:\\\/\\\/gestionimmobilius.com\\\/fr\\\/project\\\/5725-aline-brossard\\\/#primaryimage\",\"url\":\"https:\\\/\\\/gestionimmobilius.com\\\/fr\\\/wp-content\\\/uploads\\\/2025\\\/07\\\/logo-gestionimmobilius-entete.jpg\",\"contentUrl\":\"https:\\\/\\\/gestionimmobilius.com\\\/fr\\\/wp-content\\\/uploads\\\/2025\\\/07\\\/logo-gestionimmobilius-entete.jpg\",\"width\":548,\"height\":332},{\"@type\":\"BreadcrumbList\",\"@id\":\"https:\\\/\\\/gestionimmobilius.com\\\/fr\\\/project\\\/5725-aline-brossard\\\/#breadcrumb\",\"itemListElement\":[{\"@type\":\"ListItem\",\"position\":1,\"name\":\"Accueil\",\"item\":\"https:\\\/\\\/gestionimmobilius.com\\\/fr\\\/\"},{\"@type\":\"ListItem\",\"position\":2,\"name\":\"Projets\",\"item\":\"https:\\\/\\\/gestionimmobilius.com\\\/fr\\\/project\\\/\"},{\"@type\":\"ListItem\",\"position\":3,\"name\":\"5725 Aline, Brossard\"}]},{\"@type\":\"WebSite\",\"@id\":\"https:\\\/\\\/gestionimmobilius.com\\\/fr\\\/#website\",\"url\":\"https:\\\/\\\/gestionimmobilius.com\\\/fr\\\/\",\"name\":\"Gestion Immobilius\",\"description\":\" Immobilius - Maison \u00e0 vendre\",\"publisher\":{\"@id\":\"https:\\\/\\\/gestionimmobilius.com\\\/fr\\\/#organization\"},\"potentialAction\":[{\"@type\":\"SearchAction\",\"target\":{\"@type\":\"EntryPoint\",\"urlTemplate\":\"https:\\\/\\\/gestionimmobilius.com\\\/fr\\\/?s={search_term_string}\"},\"query-input\":{\"@type\":\"PropertyValueSpecification\",\"valueRequired\":true,\"valueName\":\"search_term_string\"}}],\"inLanguage\":\"fr-FR\"},{\"@type\":\"Organization\",\"@id\":\"https:\\\/\\\/gestionimmobilius.com\\\/fr\\\/#organization\",\"name\":\"Gestion Immobilius\",\"url\":\"https:\\\/\\\/gestionimmobilius.com\\\/fr\\\/\",\"logo\":{\"@type\":\"ImageObject\",\"inLanguage\":\"fr-FR\",\"@id\":\"https:\\\/\\\/gestionimmobilius.com\\\/fr\\\/#\\\/schema\\\/logo\\\/image\\\/\",\"url\":\"https:\\\/\\\/gestionimmobilius.com\\\/fr\\\/wp-content\\\/uploads\\\/2025\\\/07\\\/logo-gestionimmobilius-entete.jpg\",\"contentUrl\":\"https:\\\/\\\/gestionimmobilius.com\\\/fr\\\/wp-content\\\/uploads\\\/2025\\\/07\\\/logo-gestionimmobilius-entete.jpg\",\"width\":548,\"height\":332,\"caption\":\"Gestion Immobilius\"},\"image\":{\"@id\":\"https:\\\/\\\/gestionimmobilius.com\\\/fr\\\/#\\\/schema\\\/logo\\\/image\\\/\"}}]}<\/script>\n<!-- \/ Yoast SEO plugin. -->","yoast_head_json":{"title":"5725 Aline, Brossard - Gestion Immobilius","robots":{"index":"index","follow":"follow","max-snippet":"max-snippet:-1","max-image-preview":"max-image-preview:large","max-video-preview":"max-video-preview:-1"},"canonical":"https:\/\/gestionimmobilius.com\/fr\/project\/5725-aline-brossard\/","og_locale":"fr_FR","og_type":"article","og_title":"5725 Aline, Brossard - Gestion Immobilius","og_description":"5725 ALINE| BROSSARD955 000.00 $ +taxes 1 832 pi\u00b2 ( Habitable ) 834 pi\u00b2 ( Sous-sol ) 292 pi\u00b2 ( Garage simple ) 6 Chambres 3.5 Salle de bain Salle de lavage Sous-sol enti\u00e8rement am\u00e9nag\u00e9 avec salle de bain Thermopompe centrale Plans \u00e0 t\u00e9l\u00e9charger : Plans des planchers &nbsp;Contactez-nous au 514 292-1424 Steve Paquette","og_url":"https:\/\/gestionimmobilius.com\/fr\/project\/5725-aline-brossard\/","og_site_name":"Gestion Immobilius","article_modified_time":"2026-03-17T15:18:19+00:00","og_image":[{"width":548,"height":332,"url":"https:\/\/gestionimmobilius.com\/fr\/wp-content\/uploads\/2025\/07\/logo-gestionimmobilius-entete.jpg","type":"image\/jpeg"}],"twitter_card":"summary_large_image","twitter_misc":{"Dur\u00e9e de lecture estim\u00e9e":"1 minute"},"schema":{"@context":"https:\/\/schema.org","@graph":[{"@type":"WebPage","@id":"https:\/\/gestionimmobilius.com\/fr\/project\/5725-aline-brossard\/","url":"https:\/\/gestionimmobilius.com\/fr\/project\/5725-aline-brossard\/","name":"5725 Aline, Brossard - Gestion Immobilius","isPartOf":{"@id":"https:\/\/gestionimmobilius.com\/fr\/#website"},"primaryImageOfPage":{"@id":"https:\/\/gestionimmobilius.com\/fr\/project\/5725-aline-brossard\/#primaryimage"},"image":{"@id":"https:\/\/gestionimmobilius.com\/fr\/project\/5725-aline-brossard\/#primaryimage"},"thumbnailUrl":"https:\/\/gestionimmobilius.com\/fr\/wp-content\/uploads\/2025\/07\/logo-gestionimmobilius-entete.jpg","datePublished":"2025-08-15T14:08:41+00:00","dateModified":"2026-03-17T15:18:19+00:00","breadcrumb":{"@id":"https:\/\/gestionimmobilius.com\/fr\/project\/5725-aline-brossard\/#breadcrumb"},"inLanguage":"fr-FR","potentialAction":[{"@type":"ReadAction","target":["https:\/\/gestionimmobilius.com\/fr\/project\/5725-aline-brossard\/"]}]},{"@type":"ImageObject","inLanguage":"fr-FR","@id":"https:\/\/gestionimmobilius.com\/fr\/project\/5725-aline-brossard\/#primaryimage","url":"https:\/\/gestionimmobilius.com\/fr\/wp-content\/uploads\/2025\/07\/logo-gestionimmobilius-entete.jpg","contentUrl":"https:\/\/gestionimmobilius.com\/fr\/wp-content\/uploads\/2025\/07\/logo-gestionimmobilius-entete.jpg","width":548,"height":332},{"@type":"BreadcrumbList","@id":"https:\/\/gestionimmobilius.com\/fr\/project\/5725-aline-brossard\/#breadcrumb","itemListElement":[{"@type":"ListItem","position":1,"name":"Accueil","item":"https:\/\/gestionimmobilius.com\/fr\/"},{"@type":"ListItem","position":2,"name":"Projets","item":"https:\/\/gestionimmobilius.com\/fr\/project\/"},{"@type":"ListItem","position":3,"name":"5725 Aline, Brossard"}]},{"@type":"WebSite","@id":"https:\/\/gestionimmobilius.com\/fr\/#website","url":"https:\/\/gestionimmobilius.com\/fr\/","name":"Gestion Immobilius","description":" Immobilius - Maison \u00e0 vendre","publisher":{"@id":"https:\/\/gestionimmobilius.com\/fr\/#organization"},"potentialAction":[{"@type":"SearchAction","target":{"@type":"EntryPoint","urlTemplate":"https:\/\/gestionimmobilius.com\/fr\/?s={search_term_string}"},"query-input":{"@type":"PropertyValueSpecification","valueRequired":true,"valueName":"search_term_string"}}],"inLanguage":"fr-FR"},{"@type":"Organization","@id":"https:\/\/gestionimmobilius.com\/fr\/#organization","name":"Gestion Immobilius","url":"https:\/\/gestionimmobilius.com\/fr\/","logo":{"@type":"ImageObject","inLanguage":"fr-FR","@id":"https:\/\/gestionimmobilius.com\/fr\/#\/schema\/logo\/image\/","url":"https:\/\/gestionimmobilius.com\/fr\/wp-content\/uploads\/2025\/07\/logo-gestionimmobilius-entete.jpg","contentUrl":"https:\/\/gestionimmobilius.com\/fr\/wp-content\/uploads\/2025\/07\/logo-gestionimmobilius-entete.jpg","width":548,"height":332,"caption":"Gestion Immobilius"},"image":{"@id":"https:\/\/gestionimmobilius.com\/fr\/#\/schema\/logo\/image\/"}}]}},"_links":{"self":[{"href":"https:\/\/gestionimmobilius.com\/fr\/wp-json\/wp\/v2\/project\/211","targetHints":{"allow":["GET"]}}],"collection":[{"href":"https:\/\/gestionimmobilius.com\/fr\/wp-json\/wp\/v2\/project"}],"about":[{"href":"https:\/\/gestionimmobilius.com\/fr\/wp-json\/wp\/v2\/types\/project"}],"author":[{"embeddable":true,"href":"https:\/\/gestionimmobilius.com\/fr\/wp-json\/wp\/v2\/users\/1"}],"replies":[{"embeddable":true,"href":"https:\/\/gestionimmobilius.com\/fr\/wp-json\/wp\/v2\/comments?post=211"}],"version-history":[{"count":13,"href":"https:\/\/gestionimmobilius.com\/fr\/wp-json\/wp\/v2\/project\/211\/revisions"}],"predecessor-version":[{"id":951,"href":"https:\/\/gestionimmobilius.com\/fr\/wp-json\/wp\/v2\/project\/211\/revisions\/951"}],"wp:featuredmedia":[{"embeddable":true,"href":"https:\/\/gestionimmobilius.com\/fr\/wp-json\/wp\/v2\/media\/19"}],"wp:attachment":[{"href":"https:\/\/gestionimmobilius.com\/fr\/wp-json\/wp\/v2\/media?parent=211"}],"wp:term":[{"taxonomy":"project_category","embeddable":true,"href":"https:\/\/gestionimmobilius.com\/fr\/wp-json\/wp\/v2\/project_category?post=211"},{"taxonomy":"project_tag","embeddable":true,"href":"https:\/\/gestionimmobilius.com\/fr\/wp-json\/wp\/v2\/project_tag?post=211"}],"curies":[{"name":"wp","href":"https:\/\/api.w.org\/{rel}","templated":true}]}}